{"id":118,"date":"2016-03-04T10:20:36","date_gmt":"2016-03-04T09:20:36","guid":{"rendered":"http:\/\/www.oeag-astrologie.at\/astro\/?post_type=tribe_events&#038;p=118"},"modified":"2016-03-04T10:20:36","modified_gmt":"2016-03-04T09:20:36","slug":"semestereroeffnung","status":"publish","type":"tribe_events","link":"https:\/\/www.oeag-astrologie.at\/astro\/event\/semestereroeffnung","title":{"rendered":"Semesterer\u00f6ffnung"},"content":{"rendered":"<div>\n<blockquote><p><span id=\"OLK_SRC_BODY_SECTION\"><span style=\"font-family: Helvetica;\">Liebe Sternenfreunde!<\/span><\/span><\/p><\/blockquote>\n<\/div>\n<div><\/div>\n<blockquote><p><span id=\"OLK_SRC_BODY_SECTION\"><span id=\"OLK_SRC_BODY_SECTION\"><span id=\"OLK_SRC_BODY_SECTION\"><span id=\"OLK_SRC_BODY_SECTION\"><span style=\"font-family: Helvetica;\">Nach einer gef\u00fchlt langen Pause beginnen wir das neue Semester mit Rosemarie Krejci, (Ausbildung bei S\u00e1ndor Belcs\u00e1k), die, nach einer jahrelangen Abwesenheit von der Gesellschaft und wohl auch von der Astrologie, durch einen pers\u00f6nlichen Schicksalsschlag ihre Begeisterung f\u00fcr die Astrologie wiederentdeckt hat.<\/span><\/span><\/span><\/span><\/span><\/p><\/blockquote>\n","protected":false},"excerpt":{"rendered":"<p>Liebe Sternenfreunde! Nach einer gef\u00fchlt langen Pause beginnen wir das neue Semester mit Rosemarie Krejci, (Ausbildung bei S\u00e1ndor Belcs\u00e1k), die, nach einer jahrelangen Abwesenheit von der Gesellschaft und wohl auch &hellip; <a href=\"https:\/\/www.oeag-astrologie.at\/astro\/event\/semestereroeffnung\" class=\"more-link\"><span class=\"screen-reader-text\">Semesterer\u00f6ffnung<\/span> weiterlesen <span class=\"meta-nav\">&rarr;<\/span><\/a><\/p>\n","protected":false},"author":2,"featured_media":0,"template":"","meta":{"_tribe_events_status":"","_tribe_events_status_reason":"","footnotes":""},"tags":[],"tribe_events_cat":[],"class_list":["post-118","tribe_events","type-tribe_events","status-publish","hentry"],"yoast_head":"<!-- This site is optimized with the Yoast SEO plugin v27.5 - https:\/\/yoast.com\/product\/yoast-seo-wordpress\/ -->\n<title>Semesterer\u00f6ffnung - \u00d6sterreichische Astrologische Gesellschaft<\/title>\n<meta name=\"robots\" content=\"index, follow, max-snippet:-1, max-image-preview:large, max-video-preview:-1\" \/>\n<link rel=\"canonical\" href=\"https:\/\/www.oeag-astrologie.at\/astro\/event\/semestereroeffnung\" \/>\n<meta property=\"og:locale\" content=\"de_DE\" \/>\n<meta property=\"og:type\" content=\"article\" \/>\n<meta property=\"og:title\" content=\"Semesterer\u00f6ffnung - \u00d6sterreichische Astrologische Gesellschaft\" \/>\n<meta property=\"og:description\" content=\"Liebe Sternenfreunde! Nach einer gef\u00fchlt langen Pause beginnen wir das neue Semester mit Rosemarie Krejci, (Ausbildung bei S\u00e1ndor Belcs\u00e1k), die, nach einer jahrelangen Abwesenheit von der Gesellschaft und wohl auch &hellip; Semesterer\u00f6ffnung weiterlesen &rarr;\" \/>\n<meta property=\"og:url\" content=\"https:\/\/www.oeag-astrologie.at\/astro\/event\/semestereroeffnung\" \/>\n<meta property=\"og:site_name\" content=\"\u00d6sterreichische Astrologische Gesellschaft\" \/>\n<meta name=\"twitter:card\" content=\"summary_large_image\" \/>\n<script type=\"application\/ld+json\" class=\"yoast-schema-graph\">{\"@context\":\"https:\\\/\\\/schema.org\",\"@graph\":[{\"@type\":\"WebPage\",\"@id\":\"https:\\\/\\\/www.oeag-astrologie.at\\\/astro\\\/event\\\/semestereroeffnung\",\"url\":\"https:\\\/\\\/www.oeag-astrologie.at\\\/astro\\\/event\\\/semestereroeffnung\",\"name\":\"Semesterer\u00f6ffnung - \u00d6sterreichische Astrologische Gesellschaft\",\"isPartOf\":{\"@id\":\"https:\\\/\\\/www.oeag-astrologie.at\\\/astro\\\/#website\"},\"datePublished\":\"2016-03-04T09:20:36+00:00\",\"breadcrumb\":{\"@id\":\"https:\\\/\\\/www.oeag-astrologie.at\\\/astro\\\/event\\\/semestereroeffnung#breadcrumb\"},\"inLanguage\":\"de\",\"potentialAction\":[{\"@type\":\"ReadAction\",\"target\":[\"https:\\\/\\\/www.oeag-astrologie.at\\\/astro\\\/event\\\/semestereroeffnung\"]}]},{\"@type\":\"BreadcrumbList\",\"@id\":\"https:\\\/\\\/www.oeag-astrologie.at\\\/astro\\\/event\\\/semestereroeffnung#breadcrumb\",\"itemListElement\":[{\"@type\":\"ListItem\",\"position\":1,\"name\":\"Home\",\"item\":\"https:\\\/\\\/www.oeag-astrologie.at\\\/astro\"},{\"@type\":\"ListItem\",\"position\":2,\"name\":\"Veranstaltungen\",\"item\":\"https:\\\/\\\/www.oeag-astrologie.at\\\/astro\\\/events\\\/\"},{\"@type\":\"ListItem\",\"position\":3,\"name\":\"Semesterer\u00f6ffnung\"}]},{\"@type\":\"WebSite\",\"@id\":\"https:\\\/\\\/www.oeag-astrologie.at\\\/astro\\\/#website\",\"url\":\"https:\\\/\\\/www.oeag-astrologie.at\\\/astro\\\/\",\"name\":\"\u00d6sterreichische Astrologische Gesellschaft\",\"description\":\"\",\"publisher\":{\"@id\":\"https:\\\/\\\/www.oeag-astrologie.at\\\/astro\\\/#organization\"},\"potentialAction\":[{\"@type\":\"SearchAction\",\"target\":{\"@type\":\"EntryPoint\",\"urlTemplate\":\"https:\\\/\\\/www.oeag-astrologie.at\\\/astro\\\/?s={search_term_string}\"},\"query-input\":{\"@type\":\"PropertyValueSpecification\",\"valueRequired\":true,\"valueName\":\"search_term_string\"}}],\"inLanguage\":\"de\"},{\"@type\":\"Organization\",\"@id\":\"https:\\\/\\\/www.oeag-astrologie.at\\\/astro\\\/#organization\",\"name\":\"\u00d6sterreichisch Astrologische Gesellschaft\",\"url\":\"https:\\\/\\\/www.oeag-astrologie.at\\\/astro\\\/\",\"logo\":{\"@type\":\"ImageObject\",\"inLanguage\":\"de\",\"@id\":\"https:\\\/\\\/www.oeag-astrologie.at\\\/astro\\\/#\\\/schema\\\/logo\\\/image\\\/\",\"url\":\"https:\\\/\\\/www.oeag-astrologie.at\\\/astro\\\/wp-content\\\/uploads\\\/2015\\\/10\\\/Bildschirmfoto-2015-10-22-um-09.40.58.png\",\"contentUrl\":\"https:\\\/\\\/www.oeag-astrologie.at\\\/astro\\\/wp-content\\\/uploads\\\/2015\\\/10\\\/Bildschirmfoto-2015-10-22-um-09.40.58.png\",\"width\":512,\"height\":512,\"caption\":\"\u00d6sterreichisch Astrologische Gesellschaft\"},\"image\":{\"@id\":\"https:\\\/\\\/www.oeag-astrologie.at\\\/astro\\\/#\\\/schema\\\/logo\\\/image\\\/\"}}]}<\/script>\n<!-- \/ Yoast SEO plugin. -->","yoast_head_json":{"title":"Semesterer\u00f6ffnung - \u00d6sterreichische Astrologische Gesellschaft","robots":{"index":"index","follow":"follow","max-snippet":"max-snippet:-1","max-image-preview":"max-image-preview:large","max-video-preview":"max-video-preview:-1"},"canonical":"https:\/\/www.oeag-astrologie.at\/astro\/event\/semestereroeffnung","og_locale":"de_DE","og_type":"article","og_title":"Semesterer\u00f6ffnung - \u00d6sterreichische Astrologische Gesellschaft","og_description":"Liebe Sternenfreunde! Nach einer gef\u00fchlt langen Pause beginnen wir das neue Semester mit Rosemarie Krejci, (Ausbildung bei S\u00e1ndor Belcs\u00e1k), die, nach einer jahrelangen Abwesenheit von der Gesellschaft und wohl auch &hellip; Semesterer\u00f6ffnung weiterlesen &rarr;","og_url":"https:\/\/www.oeag-astrologie.at\/astro\/event\/semestereroeffnung","og_site_name":"\u00d6sterreichische Astrologische Gesellschaft","twitter_card":"summary_large_image","schema":{"@context":"https:\/\/schema.org","@graph":[{"@type":"WebPage","@id":"https:\/\/www.oeag-astrologie.at\/astro\/event\/semestereroeffnung","url":"https:\/\/www.oeag-astrologie.at\/astro\/event\/semestereroeffnung","name":"Semesterer\u00f6ffnung - \u00d6sterreichische Astrologische Gesellschaft","isPartOf":{"@id":"https:\/\/www.oeag-astrologie.at\/astro\/#website"},"datePublished":"2016-03-04T09:20:36+00:00","breadcrumb":{"@id":"https:\/\/www.oeag-astrologie.at\/astro\/event\/semestereroeffnung#breadcrumb"},"inLanguage":"de","potentialAction":[{"@type":"ReadAction","target":["https:\/\/www.oeag-astrologie.at\/astro\/event\/semestereroeffnung"]}]},{"@type":"BreadcrumbList","@id":"https:\/\/www.oeag-astrologie.at\/astro\/event\/semestereroeffnung#breadcrumb","itemListElement":[{"@type":"ListItem","position":1,"name":"Home","item":"https:\/\/www.oeag-astrologie.at\/astro"},{"@type":"ListItem","position":2,"name":"Veranstaltungen","item":"https:\/\/www.oeag-astrologie.at\/astro\/events\/"},{"@type":"ListItem","position":3,"name":"Semesterer\u00f6ffnung"}]},{"@type":"WebSite","@id":"https:\/\/www.oeag-astrologie.at\/astro\/#website","url":"https:\/\/www.oeag-astrologie.at\/astro\/","name":"\u00d6sterreichische Astrologische Gesellschaft","description":"","publisher":{"@id":"https:\/\/www.oeag-astrologie.at\/astro\/#organization"},"potentialAction":[{"@type":"SearchAction","target":{"@type":"EntryPoint","urlTemplate":"https:\/\/www.oeag-astrologie.at\/astro\/?s={search_term_string}"},"query-input":{"@type":"PropertyValueSpecification","valueRequired":true,"valueName":"search_term_string"}}],"inLanguage":"de"},{"@type":"Organization","@id":"https:\/\/www.oeag-astrologie.at\/astro\/#organization","name":"\u00d6sterreichisch Astrologische Gesellschaft","url":"https:\/\/www.oeag-astrologie.at\/astro\/","logo":{"@type":"ImageObject","inLanguage":"de","@id":"https:\/\/www.oeag-astrologie.at\/astro\/#\/schema\/logo\/image\/","url":"https:\/\/www.oeag-astrologie.at\/astro\/wp-content\/uploads\/2015\/10\/Bildschirmfoto-2015-10-22-um-09.40.58.png","contentUrl":"https:\/\/www.oeag-astrologie.at\/astro\/wp-content\/uploads\/2015\/10\/Bildschirmfoto-2015-10-22-um-09.40.58.png","width":512,"height":512,"caption":"\u00d6sterreichisch Astrologische Gesellschaft"},"image":{"@id":"https:\/\/www.oeag-astrologie.at\/astro\/#\/schema\/logo\/image\/"}}]}},"_links":{"self":[{"href":"https:\/\/www.oeag-astrologie.at\/astro\/wp-json\/wp\/v2\/tribe_events\/118","targetHints":{"allow":["GET"]}}],"collection":[{"href":"https:\/\/www.oeag-astrologie.at\/astro\/wp-json\/wp\/v2\/tribe_events"}],"about":[{"href":"https:\/\/www.oeag-astrologie.at\/astro\/wp-json\/wp\/v2\/types\/tribe_events"}],"author":[{"embeddable":true,"href":"https:\/\/www.oeag-astrologie.at\/astro\/wp-json\/wp\/v2\/users\/2"}],"version-history":[{"count":0,"href":"https:\/\/www.oeag-astrologie.at\/astro\/wp-json\/wp\/v2\/tribe_events\/118\/revisions"}],"wp:attachment":[{"href":"https:\/\/www.oeag-astrologie.at\/astro\/wp-json\/wp\/v2\/media?parent=118"}],"wp:term":[{"taxonomy":"post_tag","embeddable":true,"href":"https:\/\/www.oeag-astrologie.at\/astro\/wp-json\/wp\/v2\/tags?post=118"},{"taxonomy":"tribe_events_cat","embeddable":true,"href":"https:\/\/www.oeag-astrologie.at\/astro\/wp-json\/wp\/v2\/tribe_events_cat?post=118"}],"curies":[{"name":"wp","href":"https:\/\/api.w.org\/{rel}","templated":true}]}}